{"id":6910,"date":"2019-05-21T09:53:08","date_gmt":"2019-05-21T07:53:08","guid":{"rendered":"https:\/\/alpenregionstreffen2020.com\/taxi-shuttledienst\/"},"modified":"2022-02-23T15:35:56","modified_gmt":"2022-02-23T14:35:56","slug":"servizi-di-taxi-navetta","status":"publish","type":"page","link":"https:\/\/alpenregionstreffen2020.com\/it\/servizi-di-taxi-navetta\/","title":{"rendered":"Servizi di taxi \/ navetta"},"content":{"rendered":"[vc_row type=&#8221;in_container&#8221; full_screen_row_position=&#8221;middle&#8221; column_margin=&#8221;default&#8221; column_direction=&#8221;default&#8221; column_direction_tablet=&#8221;default&#8221; column_direction_phone=&#8221;default&#8221; bg_color=&#8221;#e9e5dc&#8221; bg_image=&#8221;6304&#8243; bg_position=&#8221;left top&#8221; background_image_loading=&#8221;default&#8221; bg_repeat=&#8221;no-repeat&#8221; scene_position=&#8221;center&#8221; top_padding=&#8221;12%&#8221; bottom_padding=&#8221;12%&#8221; text_color=&#8221;dark&#8221; text_align=&#8221;left&#8221; row_border_radius=&#8221;none&#8221; row_border_radius_applies=&#8221;bg&#8221; overflow=&#8221;visible&#8221; overlay_strength=&#8221;0.3&#8243; gradient_direction=&#8221;left_to_right&#8221; enable_shape_divider=&#8221;true&#8221; shape_divider_color=&#8221;#ffffff&#8221; shape_divider_position=&#8221;bottom&#8221; shape_divider_height=&#8221;220&#8243; bg_image_animation=&#8221;none&#8221; shape_type=&#8221;curve&#8221;][vc_column column_padding=&#8221;no-extra-padding&#8221; column_padding_tablet=&#8221;inherit&#8221; column_padding_phone=&#8221;inherit&#8221; column_padding_position=&#8221;all&#8221; column_element_spacing=&#8221;default&#8221; background_color_opacity=&#8221;1&#8243; background_hover_color_opacity=&#8221;1&#8243; column_shadow=&#8221;none&#8221; column_border_radius=&#8221;none&#8221; column_link_target=&#8221;_self&#8221; column_position=&#8221;default&#8221; gradient_direction=&#8221;left_to_right&#8221; overlay_strength=&#8221;0.3&#8243; width=&#8221;1\/1&#8243; tablet_width_inherit=&#8221;default&#8221; tablet_text_alignment=&#8221;default&#8221; phone_text_alignment=&#8221;default&#8221; animation_type=&#8221;default&#8221; bg_image_animation=&#8221;none&#8221; border_type=&#8221;simple&#8221; column_border_width=&#8221;none&#8221; column_border_style=&#8221;solid&#8221;][vc_custom_heading text=&#8221;Servizi di taxi \/ navetta&#8221; font_container=&#8221;tag:h2|text_align:center|color:%23ffffff&#8221; use_theme_fonts=&#8221;yes&#8221;][\/vc_column][\/vc_row][vc_row type=&#8221;in_container&#8221; full_screen_row_position=&#8221;middle&#8221; column_margin=&#8221;default&#8221; column_direction=&#8221;default&#8221; column_direction_tablet=&#8221;default&#8221; column_direction_phone=&#8221;default&#8221; scene_position=&#8221;center&#8221; text_color=&#8221;dark&#8221; text_align=&#8221;left&#8221; row_border_radius=&#8221;none&#8221; row_border_radius_applies=&#8221;bg&#8221; overflow=&#8221;visible&#8221; overlay_strength=&#8221;0.3&#8243; gradient_direction=&#8221;left_to_right&#8221; shape_divider_position=&#8221;bottom&#8221; bg_image_animation=&#8221;none&#8221;][vc_column column_padding=&#8221;no-extra-padding&#8221; column_padding_tablet=&#8221;inherit&#8221; column_padding_phone=&#8221;inherit&#8221; column_padding_position=&#8221;all&#8221; column_element_spacing=&#8221;default&#8221; background_color_opacity=&#8221;1&#8243; background_hover_color_opacity=&#8221;1&#8243; column_shadow=&#8221;none&#8221; column_border_radius=&#8221;none&#8221; column_link_target=&#8221;_self&#8221; column_position=&#8221;default&#8221; gradient_direction=&#8221;left_to_right&#8221; overlay_strength=&#8221;0.3&#8243; width=&#8221;1\/6&#8243; tablet_width_inherit=&#8221;default&#8221; tablet_text_alignment=&#8221;default&#8221; phone_text_alignment=&#8221;default&#8221; animation_type=&#8221;default&#8221; bg_image_animation=&#8221;none&#8221; border_type=&#8221;simple&#8221; column_border_width=&#8221;none&#8221; column_border_style=&#8221;solid&#8221;][\/vc_column][vc_column column_padding=&#8221;no-extra-padding&#8221; column_padding_tablet=&#8221;inherit&#8221; column_padding_phone=&#8221;inherit&#8221; column_padding_position=&#8221;all&#8221; column_element_spacing=&#8221;default&#8221; background_color_opacity=&#8221;1&#8243; background_hover_color_opacity=&#8221;1&#8243; column_shadow=&#8221;none&#8221; column_border_radius=&#8221;none&#8221; column_link_target=&#8221;_self&#8221; column_position=&#8221;default&#8221; gradient_direction=&#8221;left_to_right&#8221; overlay_strength=&#8221;0.3&#8243; width=&#8221;2\/3&#8243; tablet_width_inherit=&#8221;default&#8221; tablet_text_alignment=&#8221;default&#8221; phone_text_alignment=&#8221;default&#8221; animation_type=&#8221;default&#8221; bg_image_animation=&#8221;none&#8221; border_type=&#8221;simple&#8221; column_border_width=&#8221;none&#8221; column_border_style=&#8221;solid&#8221;][vc_custom_heading text=&#8221;Ci saranno a disposizione numerosi servizi di taxi e di navetta&#8221; font_container=&#8221;tag:h2|font_size:35|text_align:left&#8221; use_theme_fonts=&#8221;yes&#8221;][nectar_animated_title heading_tag=&#8221;h5&#8243; style=&#8221;color-strip-reveal&#8221; color=&#8221;Accent-Color&#8221; text=&#8221;per permetterVi di arrivare in tempo e comodamente&#8221;][divider line_type=&#8221;Full Width Line&#8221; line_thickness=&#8221;1&#8243; divider_color=&#8221;default&#8221;][divider line_type=&#8221;No Line&#8221; custom_height=&#8221;30&#8243;][vc_column_text]<strong>Taxi \/ servizio navetta<br \/>\n<\/strong>Di seguito viene riportato un elenco di compagnie private di taxi e navette.<\/p>\n<p>Il servizio navetta sar\u00e0 presente nei vari parcheggi previsti con servizio fino al al tendone di St. Martino.[\/vc_column_text]<div class=\"nectar-fancy-ul\" data-list-icon=\"icon-salient-thin-line\" data-animation=\"true\" data-animation-delay=\"20\" data-color=\"accent-color\" data-spacing=\"default\" data-alignment=\"left\"> \n<ul>\n<li><a href=\"https:\/\/www.merano-suedtirol.it\/de\/passeiertal\/info-service\/informationen\/taxi-shuttleservice\/rid-458B1F003562D692AB31B2C7E5A3159D-p-augscheller-florian.html\" target=\"_blank\" rel=\"noopener noreferrer\">Augscheller Florian<\/a><\/li>\n<li><a href=\"https:\/\/www.merano-suedtirol.it\/de\/passeiertal\/info-service\/informationen\/taxi-shuttleservice\/rid-A6FBE0978FAE49ABA351F5F2D7702ADA-p-gufler-tours.html\" target=\"_blank\" rel=\"noopener noreferrer\">Gufler Tours<\/a><\/li>\n<li><a href=\"https:\/\/www.merano-suedtirol.it\/de\/passeiertal\/info-service\/informationen\/taxi-shuttleservice\/rid-E2FB3012DD75412ABB239E1E9C40EC7E-p-passeiertal-reisen.html\" target=\"_blank\" rel=\"noopener noreferrer\">Passeiertal &#8211; Reisen<\/a><\/li>\n<li><a href=\"https:\/\/www.merano-suedtirol.it\/de\/passeiertal\/info-service\/informationen\/taxi-shuttleservice\/rid-CF2592B6459F08E2C48E43E02F10F8FA-p-punktgenau.html\" target=\"_blank\" rel=\"noopener noreferrer\">PunktGenau<\/a><\/li>\n<li><a href=\"https:\/\/www.merano-suedtirol.it\/de\/passeiertal\/info-service\/informationen\/taxi-shuttleservice\/rid-70CB59C684A646B082D74C75FC2D3521-p-taxi-lampe-lamprecht-martin.html\" target=\"_blank\" rel=\"noopener noreferrer\">Taxi Lampe Lamprecht Martin<\/a><\/li>\n<li><a href=\"https:\/\/www.merano-suedtirol.it\/de\/passeiertal\/info-service\/informationen\/taxi-shuttleservice\/rid-9363D27A7817434D9D54435867DEF094-p-taxi-wilhelm.html\" target=\"_blank\" rel=\"noopener noreferrer\">Taxi Wilhelm<\/a><\/li>\n<\/ul>\n <\/div>[\/vc_column][vc_column column_padding=&#8221;no-extra-padding&#8221; column_padding_tablet=&#8221;inherit&#8221; column_padding_phone=&#8221;inherit&#8221; column_padding_position=&#8221;all&#8221; column_element_spacing=&#8221;default&#8221; background_color_opacity=&#8221;1&#8243; background_hover_color_opacity=&#8221;1&#8243; column_shadow=&#8221;none&#8221; column_border_radius=&#8221;none&#8221; column_link_target=&#8221;_self&#8221; column_position=&#8221;default&#8221; gradient_direction=&#8221;left_to_right&#8221; overlay_strength=&#8221;0.3&#8243; width=&#8221;1\/6&#8243; tablet_width_inherit=&#8221;default&#8221; tablet_text_alignment=&#8221;default&#8221; phone_text_alignment=&#8221;default&#8221; animation_type=&#8221;default&#8221; bg_image_animation=&#8221;none&#8221; border_type=&#8221;simple&#8221; column_border_width=&#8221;none&#8221; column_border_style=&#8221;solid&#8221;][\/vc_column][\/vc_row][vc_row type=&#8221;in_container&#8221; full_screen_row_position=&#8221;middle&#8221; column_margin=&#8221;default&#8221; column_direction=&#8221;default&#8221; column_direction_tablet=&#8221;default&#8221; column_direction_phone=&#8221;default&#8221; scene_position=&#8221;center&#8221; text_color=&#8221;dark&#8221; text_align=&#8221;left&#8221; row_border_radius=&#8221;none&#8221; row_border_radius_applies=&#8221;bg&#8221; overflow=&#8221;visible&#8221; overlay_strength=&#8221;0.3&#8243; gradient_direction=&#8221;left_to_right&#8221; shape_divider_position=&#8221;bottom&#8221; bg_image_animation=&#8221;none&#8221;][vc_column column_padding=&#8221;no-extra-padding&#8221; column_padding_tablet=&#8221;inherit&#8221; column_padding_phone=&#8221;inherit&#8221; column_padding_position=&#8221;all&#8221; column_element_spacing=&#8221;default&#8221; background_color_opacity=&#8221;1&#8243; background_hover_color_opacity=&#8221;1&#8243; column_shadow=&#8221;none&#8221; column_border_radius=&#8221;none&#8221; column_link_target=&#8221;_self&#8221; column_position=&#8221;default&#8221; gradient_direction=&#8221;left_to_right&#8221; overlay_strength=&#8221;0.3&#8243; width=&#8221;1\/6&#8243; tablet_width_inherit=&#8221;default&#8221; tablet_text_alignment=&#8221;default&#8221; phone_text_alignment=&#8221;default&#8221; animation_type=&#8221;default&#8221; bg_image_animation=&#8221;none&#8221; border_type=&#8221;simple&#8221; column_border_width=&#8221;none&#8221; column_border_style=&#8221;solid&#8221;][\/vc_column][vc_column column_padding=&#8221;no-extra-padding&#8221; column_padding_tablet=&#8221;inherit&#8221; column_padding_phone=&#8221;inherit&#8221; column_padding_position=&#8221;all&#8221; column_element_spacing=&#8221;default&#8221; background_color_opacity=&#8221;1&#8243; background_hover_color_opacity=&#8221;1&#8243; column_shadow=&#8221;none&#8221; column_border_radius=&#8221;none&#8221; column_link_target=&#8221;_self&#8221; column_position=&#8221;default&#8221; gradient_direction=&#8221;left_to_right&#8221; overlay_strength=&#8221;0.3&#8243; width=&#8221;2\/3&#8243; tablet_width_inherit=&#8221;default&#8221; tablet_text_alignment=&#8221;default&#8221; phone_text_alignment=&#8221;default&#8221; animation_type=&#8221;default&#8221; bg_image_animation=&#8221;none&#8221; border_type=&#8221;simple&#8221; column_border_width=&#8221;none&#8221; column_border_style=&#8221;solid&#8221;][vc_custom_heading text=&#8221;Saranno a disposizione anche i collegamenti pubblici di autobus e treni&#8221; font_container=&#8221;tag:h2|font_size:35|text_align:left&#8221; use_theme_fonts=&#8221;yes&#8221;][nectar_animated_title heading_tag=&#8221;h5&#8243; style=&#8221;color-strip-reveal&#8221; color=&#8221;Accent-Color&#8221; text=&#8221;che garantiranno il vostro arrivo in sicurezza&#8221;][divider line_type=&#8221;Full Width Line&#8221; line_thickness=&#8221;1&#8243; divider_color=&#8221;default&#8221;][divider line_type=&#8221;No Line&#8221; custom_height=&#8221;30&#8243;][vc_column_text]Per i trasporti pubblici in autobus e treno, prego informarsi ai seguenti indirizzi:[\/vc_column_text]<div class=\"nectar-fancy-ul\" data-list-icon=\"icon-salient-thin-line\" data-animation=\"true\" data-animation-delay=\"20\" data-color=\"accent-color\" data-spacing=\"default\" data-alignment=\"left\"> \n<ul>\n<li><a href=\"https:\/\/www.sad.it\/it\" target=\"_blank\" rel=\"noopener noreferrer\">SAD<\/a> &#8211; SAD Trasporto locale S.p.A. \u00e8 la pi\u00f9 grande compagnia di trasporti pubblici del S\u00fcdtirol.<\/li>\n<li><a href=\"http:\/\/www.sasabz.it\/it\/merano\/\" target=\"_blank\" rel=\"noopener noreferrer\">SASA AG<\/a> &#8211; SASA SpA \u00e8 responsabile del trasporto pubblico nei comuni altoatesini di Bolzano, Laives e Merano, nonch\u00e9 per la citt\u00e0 di Lana.<\/li>\n<li><a href=\"https:\/\/www.sii.bz.it\/it\" target=\"_blank\" rel=\"noopener noreferrer\">S\u00fcdtirol Mobil<\/a> &#8211; collegamenti in treno e autobus in S\u00fcdtirol<\/li>\n<li><a href=\"https:\/\/www.sii.bz.it\/it\/nightliner\" target=\"_blank\" rel=\"noopener noreferrer\">Nightliner<\/a> &#8211; l&#8217;autobus per tutti i nottambuli<\/li>\n<\/ul>\n <\/div>[\/vc_column][vc_column column_padding=&#8221;no-extra-padding&#8221; column_padding_tablet=&#8221;inherit&#8221; column_padding_phone=&#8221;inherit&#8221; column_padding_position=&#8221;all&#8221; column_element_spacing=&#8221;default&#8221; background_color_opacity=&#8221;1&#8243; background_hover_color_opacity=&#8221;1&#8243; column_shadow=&#8221;none&#8221; column_border_radius=&#8221;none&#8221; column_link_target=&#8221;_self&#8221; column_position=&#8221;default&#8221; gradient_direction=&#8221;left_to_right&#8221; overlay_strength=&#8221;0.3&#8243; width=&#8221;1\/6&#8243; tablet_width_inherit=&#8221;default&#8221; tablet_text_alignment=&#8221;default&#8221; phone_text_alignment=&#8221;default&#8221; animation_type=&#8221;default&#8221; bg_image_animation=&#8221;none&#8221; border_type=&#8221;simple&#8221; column_border_width=&#8221;none&#8221; column_border_style=&#8221;solid&#8221;][\/vc_column][\/vc_row][vc_row type=&#8221;full_width_background&#8221; full_screen_row_position=&#8221;middle&#8221; column_margin=&#8221;default&#8221; column_direction=&#8221;default&#8221; column_direction_tablet=&#8221;default&#8221; column_direction_phone=&#8221;default&#8221; bg_color=&#8221;#e9e5dc&#8221; scene_position=&#8221;center&#8221; text_color=&#8221;dark&#8221; text_align=&#8221;left&#8221; row_border_radius=&#8221;none&#8221; row_border_radius_applies=&#8221;bg&#8221; overflow=&#8221;visible&#8221; overlay_strength=&#8221;0.3&#8243; gradient_direction=&#8221;left_to_right&#8221; shape_divider_position=&#8221;bottom&#8221; bg_image_animation=&#8221;none&#8221; shape_type=&#8221;&#8221;][vc_column column_padding=&#8221;padding-4-percent&#8221; column_padding_tablet=&#8221;inherit&#8221; column_padding_phone=&#8221;inherit&#8221; column_padding_position=&#8221;all&#8221; column_element_spacing=&#8221;default&#8221; centered_text=&#8221;true&#8221; background_color_opacity=&#8221;1&#8243; background_hover_color_opacity=&#8221;1&#8243; column_shadow=&#8221;none&#8221; column_border_radius=&#8221;none&#8221; column_link_target=&#8221;_self&#8221; column_position=&#8221;default&#8221; gradient_direction=&#8221;left_to_right&#8221; overlay_strength=&#8221;0.3&#8243; width=&#8221;1\/1&#8243; tablet_width_inherit=&#8221;default&#8221; tablet_text_alignment=&#8221;default&#8221; phone_text_alignment=&#8221;default&#8221; animation_type=&#8221;default&#8221; bg_image_animation=&#8221;none&#8221; border_type=&#8221;simple&#8221; column_border_width=&#8221;none&#8221; column_border_style=&#8221;solid&#8221;][vc_column_text css=&#8221;.vc_custom_1585750346286{padding-top: 2% !important;padding-bottom: 2% !important;}&#8221;]\n<h2>Biglietti d\u2019ingresso<\/h2>\n[divider line_type=&#8221;No Line&#8221; custom_height=&#8221;20&#8243;][\/vc_column_text][nectar_btn size=&#8221;jumbo&#8221; button_style=&#8221;regular&#8221; button_color_2=&#8221;Accent-Color&#8221; icon_family=&#8221;none&#8221; url=&#8221;https:\/\/alpenregionstreffen2020.com\/it\/biglietti-info\/&#8221; text=&#8221;Biglietti &amp; Info&#8221;][\/vc_column][\/vc_row][vc_row type=&#8221;full_width_background&#8221; full_screen_row_position=&#8221;middle&#8221; column_margin=&#8221;default&#8221; column_direction=&#8221;default&#8221; column_direction_tablet=&#8221;default&#8221; column_direction_phone=&#8221;default&#8221; scene_position=&#8221;center&#8221; text_color=&#8221;dark&#8221; text_align=&#8221;left&#8221; row_border_radius=&#8221;none&#8221; row_border_radius_applies=&#8221;bg&#8221; zindex=&#8221;11&#8243; overflow=&#8221;visible&#8221; overlay_strength=&#8221;0.3&#8243; gradient_direction=&#8221;left_to_right&#8221; shape_divider_color=&#8221;#ffffff&#8221; shape_divider_position=&#8221;top&#8221; shape_divider_height=&#8221;80&#8243; bg_image_animation=&#8221;none&#8221; shape_type=&#8221;clouds&#8221;][vc_column column_padding=&#8221;no-extra-padding&#8221; column_padding_tablet=&#8221;inherit&#8221; column_padding_phone=&#8221;inherit&#8221; column_padding_position=&#8221;all&#8221; translate_y=&#8221;-50%&#8221; column_element_spacing=&#8221;default&#8221; background_color_opacity=&#8221;1&#8243; background_hover_color_opacity=&#8221;1&#8243; font_color=&#8221;#ffffff&#8221; column_shadow=&#8221;none&#8221; column_border_radius=&#8221;none&#8221; column_link_target=&#8221;_self&#8221; column_position=&#8221;default&#8221; gradient_direction=&#8221;left_to_right&#8221; overlay_strength=&#8221;0.3&#8243; width=&#8221;1\/1&#8243; tablet_width_inherit=&#8221;default&#8221; tablet_text_alignment=&#8221;default&#8221; phone_text_alignment=&#8221;default&#8221; animation_type=&#8221;default&#8221; bg_image_animation=&#8221;none&#8221; border_type=&#8221;simple&#8221; column_border_width=&#8221;none&#8221; column_border_style=&#8221;solid&#8221;][vc_row_inner content_placement=&#8221;bottom&#8221; column_margin=&#8221;default&#8221; column_direction=&#8221;default&#8221; column_direction_tablet=&#8221;default&#8221; column_direction_phone=&#8221;default&#8221; text_align=&#8221;left&#8221; row_position=&#8221;default&#8221; row_position_tablet=&#8221;inherit&#8221; row_position_phone=&#8221;inherit&#8221; overflow=&#8221;visible&#8221; pointer_events=&#8221;all&#8221;][vc_column_inner column_padding=&#8221;no-extra-padding&#8221; column_padding_tablet=&#8221;inherit&#8221; column_padding_phone=&#8221;inherit&#8221; column_padding_position=&#8221;all&#8221; top_margin=&#8221;+&#8221; column_element_spacing=&#8221;default&#8221; background_color_opacity=&#8221;1&#8243; background_hover_color_opacity=&#8221;1&#8243; font_color=&#8221;#ffffff&#8221; column_shadow=&#8221;medium_depth&#8221; column_border_radius=&#8221;none&#8221; column_link_target=&#8221;_self&#8221; gradient_direction=&#8221;left_to_right&#8221; overlay_strength=&#8221;0.3&#8243; width=&#8221;1\/4&#8243; tablet_width_inherit=&#8221;default&#8221; animation_type=&#8221;default&#8221; bg_image_animation=&#8221;none&#8221; border_type=&#8221;simple&#8221; column_border_width=&#8221;none&#8221; column_border_style=&#8221;solid&#8221;][\/vc_column_inner][vc_column_inner column_padding=&#8221;no-extra-padding&#8221; column_padding_tablet=&#8221;inherit&#8221; column_padding_phone=&#8221;inherit&#8221; column_padding_position=&#8221;all&#8221; column_element_spacing=&#8221;default&#8221; centered_text=&#8221;true&#8221; background_color_opacity=&#8221;1&#8243; background_hover_color_opacity=&#8221;1&#8243; column_shadow=&#8221;none&#8221; column_border_radius=&#8221;none&#8221; column_link_target=&#8221;_self&#8221; gradient_direction=&#8221;left_to_right&#8221; overlay_strength=&#8221;0.3&#8243; width=&#8221;1\/2&#8243; tablet_width_inherit=&#8221;default&#8221; animation_type=&#8221;default&#8221; enable_animation=&#8221;true&#8221; animation=&#8221;flip-in-vertical&#8221; bg_image_animation=&#8221;none&#8221; border_type=&#8221;simple&#8221; column_border_width=&#8221;none&#8221; column_border_style=&#8221;solid&#8221;][\/vc_column_inner][vc_column_inner column_padding=&#8221;padding-2-percent&#8221; column_padding_tablet=&#8221;inherit&#8221; column_padding_phone=&#8221;inherit&#8221; column_padding_position=&#8221;all&#8221; top_margin=&#8221;-13%&#8221; bottom_margin=&#8221;-12%&#8221; column_element_spacing=&#8221;default&#8221; background_color_opacity=&#8221;1&#8243; background_hover_color_opacity=&#8221;1&#8243; column_shadow=&#8221;none&#8221; column_border_radius=&#8221;none&#8221; column_link_target=&#8221;_self&#8221; gradient_direction=&#8221;left_to_right&#8221; overlay_strength=&#8221;0.3&#8243; width=&#8221;1\/4&#8243; tablet_width_inherit=&#8221;default&#8221; animation_type=&#8221;default&#8221; bg_image_animation=&#8221;none&#8221; border_type=&#8221;simple&#8221; column_border_width=&#8221;none&#8221; column_border_style=&#8221;solid&#8221;][image_with_animation image_url=&#8221;7874&#8243; image_size=&#8221;full&#8221; animation_type=&#8221;entrance&#8221; animation=&#8221;Fade In&#8221; hover_animation=&#8221;none&#8221; alignment=&#8221;&#8221; border_radius=&#8221;none&#8221; box_shadow=&#8221;none&#8221; image_loading=&#8221;default&#8221; max_width=&#8221;100%&#8221; max_width_mobile=&#8221;default&#8221;][\/vc_column_inner][\/vc_row_inner][\/vc_column][\/vc_row]\n","protected":false},"excerpt":{"rendered":"<p>[vc_row type=&#8221;in_container&#8221; full_screen_row_position=&#8221;middle&#8221; column_margin=&#8221;default&#8221; column_direction=&#8221;default&#8221; column_direction_tablet=&#8221;default&#8221; column_direction_phone=&#8221;default&#8221; bg_color=&#8221;#e9e5dc&#8221; bg_image=&#8221;6304&#8243; bg_position=&#8221;left top&#8221; background_image_loading=&#8221;default&#8221; bg_repeat=&#8221;no-repeat&#8221; scene_position=&#8221;center&#8221; top_padding=&#8221;12%&#8221; bottom_padding=&#8221;12%&#8221; text_color=&#8221;dark&#8221; text_align=&#8221;left&#8221; row_border_radius=&#8221;none&#8221; row_border_radius_applies=&#8221;bg&#8221; overflow=&#8221;visible&#8221; overlay_strength=&#8221;0.3&#8243; gradient_direction=&#8221;left_to_right&#8221; enable_shape_divider=&#8221;true&#8221; shape_divider_color=&#8221;#ffffff&#8221;&#8230;<\/p>\n","protected":false},"author":1,"featured_media":0,"parent":0,"menu_order":32,"comment_status":"closed","ping_status":"closed","template":"","meta":{"footnotes":""},"class_list":["post-6910","page","type-page","status-publish"],"yoast_head":"<!-- This site is optimized with the Yoast SEO plugin v26.5 - https:\/\/yoast.com\/wordpress\/plugins\/seo\/ -->\n<title>Servizi di taxi \/ navetta - 26. Alpenregionstreffen 2022 der Sch\u00fctzen von Tirol, S\u00fcdtirol, Welschtirol und Bayern<\/title>\n<meta name=\"robots\" content=\"index, follow, max-snippet:-1, max-image-preview:large, max-video-preview:-1\" \/>\n<link rel=\"canonical\" href=\"https:\/\/alpenregionstreffen2020.com\/it\/servizi-di-taxi-navetta\/\" \/>\n<meta property=\"og:locale\" content=\"it_IT\" \/>\n<meta property=\"og:type\" content=\"article\" \/>\n<meta property=\"og:title\" content=\"Servizi di taxi \/ navetta - 26. Alpenregionstreffen 2022 der Sch\u00fctzen von Tirol, S\u00fcdtirol, Welschtirol und Bayern\" \/>\n<meta property=\"og:description\" content=\"[vc_row type=&#8221;in_container&#8221; full_screen_row_position=&#8221;middle&#8221; column_margin=&#8221;default&#8221; column_direction=&#8221;default&#8221; column_direction_tablet=&#8221;default&#8221; column_direction_phone=&#8221;default&#8221; bg_color=&#8221;#e9e5dc&#8221; bg_image=&#8221;6304&#8243; bg_position=&#8221;left top&#8221; background_image_loading=&#8221;default&#8221; bg_repeat=&#8221;no-repeat&#8221; scene_position=&#8221;center&#8221; top_padding=&#8221;12%&#8221; bottom_padding=&#8221;12%&#8221; text_color=&#8221;dark&#8221; text_align=&#8221;left&#8221; row_border_radius=&#8221;none&#8221; row_border_radius_applies=&#8221;bg&#8221; overflow=&#8221;visible&#8221; overlay_strength=&#8221;0.3&#8243; gradient_direction=&#8221;left_to_right&#8221; enable_shape_divider=&#8221;true&#8221; shape_divider_color=&#8221;#ffffff&#8221;...\" \/>\n<meta property=\"og:url\" content=\"https:\/\/alpenregionstreffen2020.com\/it\/servizi-di-taxi-navetta\/\" \/>\n<meta property=\"og:site_name\" content=\"26. Alpenregionstreffen 2022 der Sch\u00fctzen von Tirol, S\u00fcdtirol, Welschtirol und Bayern\" \/>\n<meta property=\"article:modified_time\" content=\"2022-02-23T14:35:56+00:00\" \/>\n<meta property=\"og:image\" content=\"https:\/\/alpenregionstreffen2020.com\/wordpress\/wp-content\/uploads\/2022\/05\/52075557909_44bbeab912_k.jpg\" \/>\n\t<meta property=\"og:image:width\" content=\"2048\" \/>\n\t<meta property=\"og:image:height\" content=\"1365\" \/>\n\t<meta property=\"og:image:type\" content=\"image\/jpeg\" \/>\n<meta name=\"twitter:card\" content=\"summary_large_image\" \/>\n<meta name=\"twitter:label1\" content=\"Tempo di lettura stimato\" \/>\n\t<meta name=\"twitter:data1\" content=\"9 minutes\" \/>\n<script type=\"application\/ld+json\" class=\"yoast-schema-graph\">{\"@context\":\"https:\/\/schema.org\",\"@graph\":[{\"@type\":\"WebPage\",\"@id\":\"https:\/\/alpenregionstreffen2020.com\/it\/servizi-di-taxi-navetta\/\",\"url\":\"https:\/\/alpenregionstreffen2020.com\/it\/servizi-di-taxi-navetta\/\",\"name\":\"Servizi di taxi \/ navetta - 26. Alpenregionstreffen 2022 der Sch\u00fctzen von Tirol, S\u00fcdtirol, Welschtirol und Bayern\",\"isPartOf\":{\"@id\":\"https:\/\/alpenregionstreffen2020.com\/#website\"},\"datePublished\":\"2019-05-21T07:53:08+00:00\",\"dateModified\":\"2022-02-23T14:35:56+00:00\",\"breadcrumb\":{\"@id\":\"https:\/\/alpenregionstreffen2020.com\/it\/servizi-di-taxi-navetta\/#breadcrumb\"},\"inLanguage\":\"it-IT\",\"potentialAction\":[{\"@type\":\"ReadAction\",\"target\":[\"https:\/\/alpenregionstreffen2020.com\/it\/servizi-di-taxi-navetta\/\"]}]},{\"@type\":\"BreadcrumbList\",\"@id\":\"https:\/\/alpenregionstreffen2020.com\/it\/servizi-di-taxi-navetta\/#breadcrumb\",\"itemListElement\":[{\"@type\":\"ListItem\",\"position\":1,\"name\":\"Startseite\",\"item\":\"https:\/\/alpenregionstreffen2020.com\/it\/landing-corporate-2\/\"},{\"@type\":\"ListItem\",\"position\":2,\"name\":\"Servizi di taxi \/ navetta\"}]},{\"@type\":\"WebSite\",\"@id\":\"https:\/\/alpenregionstreffen2020.com\/#website\",\"url\":\"https:\/\/alpenregionstreffen2020.com\/\",\"name\":\"26. Alpenregionstreffen 2022 der Sch\u00fctzen von Tirol, S\u00fcdtirol, Welschtirol und Bayern\",\"description\":\"Das 26. Alpenregionstreffen der Sch\u00fctzen von Tirol, S\u00fcdtirol, Welschtirol und Bayern findet vom 13. \u2013 15. Mai 2022 in St. Martin im Passeiertal statt.\",\"publisher\":{\"@id\":\"https:\/\/alpenregionstreffen2020.com\/#organization\"},\"potentialAction\":[{\"@type\":\"SearchAction\",\"target\":{\"@type\":\"EntryPoint\",\"urlTemplate\":\"https:\/\/alpenregionstreffen2020.com\/?s={search_term_string}\"},\"query-input\":{\"@type\":\"PropertyValueSpecification\",\"valueRequired\":true,\"valueName\":\"search_term_string\"}}],\"inLanguage\":\"it-IT\"},{\"@type\":\"Organization\",\"@id\":\"https:\/\/alpenregionstreffen2020.com\/#organization\",\"name\":\"26. Alpenregionstreffen 2022 der Sch\u00fctzen von Tirol, S\u00fcdtirol, Welschtirol und Bayern\",\"url\":\"https:\/\/alpenregionstreffen2020.com\/\",\"logo\":{\"@type\":\"ImageObject\",\"inLanguage\":\"it-IT\",\"@id\":\"https:\/\/alpenregionstreffen2020.com\/#\/schema\/logo\/image\/\",\"url\":\"https:\/\/alpenregionstreffen2020.com\/wordpress\/wp-content\/uploads\/2019\/05\/schuetzenkompanie_st_martin_passeier.png\",\"contentUrl\":\"https:\/\/alpenregionstreffen2020.com\/wordpress\/wp-content\/uploads\/2019\/05\/schuetzenkompanie_st_martin_passeier.png\",\"width\":482,\"height\":496,\"caption\":\"26. Alpenregionstreffen 2022 der Sch\u00fctzen von Tirol, S\u00fcdtirol, Welschtirol und Bayern\"},\"image\":{\"@id\":\"https:\/\/alpenregionstreffen2020.com\/#\/schema\/logo\/image\/\"}}]}<\/script>\n<!-- \/ Yoast SEO plugin. -->","yoast_head_json":{"title":"Servizi di taxi \/ navetta - 26. Alpenregionstreffen 2022 der Sch\u00fctzen von Tirol, S\u00fcdtirol, Welschtirol und Bayern","robots":{"index":"index","follow":"follow","max-snippet":"max-snippet:-1","max-image-preview":"max-image-preview:large","max-video-preview":"max-video-preview:-1"},"canonical":"https:\/\/alpenregionstreffen2020.com\/it\/servizi-di-taxi-navetta\/","og_locale":"it_IT","og_type":"article","og_title":"Servizi di taxi \/ navetta - 26. Alpenregionstreffen 2022 der Sch\u00fctzen von Tirol, S\u00fcdtirol, Welschtirol und Bayern","og_description":"[vc_row type=&#8221;in_container&#8221; full_screen_row_position=&#8221;middle&#8221; column_margin=&#8221;default&#8221; column_direction=&#8221;default&#8221; column_direction_tablet=&#8221;default&#8221; column_direction_phone=&#8221;default&#8221; bg_color=&#8221;#e9e5dc&#8221; bg_image=&#8221;6304&#8243; bg_position=&#8221;left top&#8221; background_image_loading=&#8221;default&#8221; bg_repeat=&#8221;no-repeat&#8221; scene_position=&#8221;center&#8221; top_padding=&#8221;12%&#8221; bottom_padding=&#8221;12%&#8221; text_color=&#8221;dark&#8221; text_align=&#8221;left&#8221; row_border_radius=&#8221;none&#8221; row_border_radius_applies=&#8221;bg&#8221; overflow=&#8221;visible&#8221; overlay_strength=&#8221;0.3&#8243; gradient_direction=&#8221;left_to_right&#8221; enable_shape_divider=&#8221;true&#8221; shape_divider_color=&#8221;#ffffff&#8221;...","og_url":"https:\/\/alpenregionstreffen2020.com\/it\/servizi-di-taxi-navetta\/","og_site_name":"26. Alpenregionstreffen 2022 der Sch\u00fctzen von Tirol, S\u00fcdtirol, Welschtirol und Bayern","article_modified_time":"2022-02-23T14:35:56+00:00","og_image":[{"width":2048,"height":1365,"url":"https:\/\/alpenregionstreffen2020.com\/wordpress\/wp-content\/uploads\/2022\/05\/52075557909_44bbeab912_k.jpg","type":"image\/jpeg"}],"twitter_card":"summary_large_image","twitter_misc":{"Tempo di lettura stimato":"9 minutes"},"schema":{"@context":"https:\/\/schema.org","@graph":[{"@type":"WebPage","@id":"https:\/\/alpenregionstreffen2020.com\/it\/servizi-di-taxi-navetta\/","url":"https:\/\/alpenregionstreffen2020.com\/it\/servizi-di-taxi-navetta\/","name":"Servizi di taxi \/ navetta - 26. Alpenregionstreffen 2022 der Sch\u00fctzen von Tirol, S\u00fcdtirol, Welschtirol und Bayern","isPartOf":{"@id":"https:\/\/alpenregionstreffen2020.com\/#website"},"datePublished":"2019-05-21T07:53:08+00:00","dateModified":"2022-02-23T14:35:56+00:00","breadcrumb":{"@id":"https:\/\/alpenregionstreffen2020.com\/it\/servizi-di-taxi-navetta\/#breadcrumb"},"inLanguage":"it-IT","potentialAction":[{"@type":"ReadAction","target":["https:\/\/alpenregionstreffen2020.com\/it\/servizi-di-taxi-navetta\/"]}]},{"@type":"BreadcrumbList","@id":"https:\/\/alpenregionstreffen2020.com\/it\/servizi-di-taxi-navetta\/#breadcrumb","itemListElement":[{"@type":"ListItem","position":1,"name":"Startseite","item":"https:\/\/alpenregionstreffen2020.com\/it\/landing-corporate-2\/"},{"@type":"ListItem","position":2,"name":"Servizi di taxi \/ navetta"}]},{"@type":"WebSite","@id":"https:\/\/alpenregionstreffen2020.com\/#website","url":"https:\/\/alpenregionstreffen2020.com\/","name":"26. Alpenregionstreffen 2022 der Sch\u00fctzen von Tirol, S\u00fcdtirol, Welschtirol und Bayern","description":"Das 26. Alpenregionstreffen der Sch\u00fctzen von Tirol, S\u00fcdtirol, Welschtirol und Bayern findet vom 13. \u2013 15. Mai 2022 in St. Martin im Passeiertal statt.","publisher":{"@id":"https:\/\/alpenregionstreffen2020.com\/#organization"},"potentialAction":[{"@type":"SearchAction","target":{"@type":"EntryPoint","urlTemplate":"https:\/\/alpenregionstreffen2020.com\/?s={search_term_string}"},"query-input":{"@type":"PropertyValueSpecification","valueRequired":true,"valueName":"search_term_string"}}],"inLanguage":"it-IT"},{"@type":"Organization","@id":"https:\/\/alpenregionstreffen2020.com\/#organization","name":"26. Alpenregionstreffen 2022 der Sch\u00fctzen von Tirol, S\u00fcdtirol, Welschtirol und Bayern","url":"https:\/\/alpenregionstreffen2020.com\/","logo":{"@type":"ImageObject","inLanguage":"it-IT","@id":"https:\/\/alpenregionstreffen2020.com\/#\/schema\/logo\/image\/","url":"https:\/\/alpenregionstreffen2020.com\/wordpress\/wp-content\/uploads\/2019\/05\/schuetzenkompanie_st_martin_passeier.png","contentUrl":"https:\/\/alpenregionstreffen2020.com\/wordpress\/wp-content\/uploads\/2019\/05\/schuetzenkompanie_st_martin_passeier.png","width":482,"height":496,"caption":"26. Alpenregionstreffen 2022 der Sch\u00fctzen von Tirol, S\u00fcdtirol, Welschtirol und Bayern"},"image":{"@id":"https:\/\/alpenregionstreffen2020.com\/#\/schema\/logo\/image\/"}}]}},"_links":{"self":[{"href":"https:\/\/alpenregionstreffen2020.com\/it\/wp-json\/wp\/v2\/pages\/6910","targetHints":{"allow":["GET"]}}],"collection":[{"href":"https:\/\/alpenregionstreffen2020.com\/it\/wp-json\/wp\/v2\/pages"}],"about":[{"href":"https:\/\/alpenregionstreffen2020.com\/it\/wp-json\/wp\/v2\/types\/page"}],"author":[{"embeddable":true,"href":"https:\/\/alpenregionstreffen2020.com\/it\/wp-json\/wp\/v2\/users\/1"}],"replies":[{"embeddable":true,"href":"https:\/\/alpenregionstreffen2020.com\/it\/wp-json\/wp\/v2\/comments?post=6910"}],"version-history":[{"count":11,"href":"https:\/\/alpenregionstreffen2020.com\/it\/wp-json\/wp\/v2\/pages\/6910\/revisions"}],"predecessor-version":[{"id":8040,"href":"https:\/\/alpenregionstreffen2020.com\/it\/wp-json\/wp\/v2\/pages\/6910\/revisions\/8040"}],"wp:attachment":[{"href":"https:\/\/alpenregionstreffen2020.com\/it\/wp-json\/wp\/v2\/media?parent=6910"}],"curies":[{"name":"wp","href":"https:\/\/api.w.org\/{rel}","templated":true}]}}